{"id":554,"date":"2017-06-15T11:11:42","date_gmt":"2017-06-15T09:11:42","guid":{"rendered":"https:\/\/www.taxi-garage.de\/cms\/?page_id=554"},"modified":"2025-08-15T09:42:17","modified_gmt":"2025-08-15T07:42:17","slug":"presse","status":"publish","type":"page","link":"https:\/\/www.taxi-garage.de\/cms\/infothek\/presse\/","title":{"rendered":"Presse"},"content":{"rendered":"<p>[et_pb_section fb_built=&#8220;1&#8243; _builder_version=&#8220;4.16&#8243; custom_padding=&#8220;0px||0px|&#8220; global_colors_info=&#8220;{}&#8220;][et_pb_row _builder_version=&#8220;4.16&#8243; background_size=&#8220;initial&#8220; background_position=&#8220;top_left&#8220; background_repeat=&#8220;repeat&#8220; global_colors_info=&#8220;{}&#8220;][et_pb_column type=&#8220;4_4&#8243; _builder_version=&#8220;4.16&#8243; custom_padding=&#8220;|||&#8220; global_colors_info=&#8220;{}&#8220; custom_padding__hover=&#8220;|||&#8220;][et_pb_text admin_label=&#8220;Headline BZ VOM 12.07.2012&#8243; _builder_version=&#8220;4.16&#8243; header_font=&#8220;Montserrat|on||on|&#8220; header_font_size=&#8220;1.5em&#8220; custom_padding=&#8220;||0px|&#8220; global_colors_info=&#8220;{}&#8220;]<\/p>\n<h1>BADISCHE ZEITUNG VOM 12.07.2012\u00a0 \/\u00a0 <span style=\"color: #000000;\">STEVE PRZYBILLA<\/span><\/h1>\n<hr \/>\n<p>\u00a0<\/p>\n<p>[\/et_pb_text][\/et_pb_column][\/et_pb_row][\/et_pb_section][et_pb_section fb_built=&#8220;1&#8243; admin_label=&#8220;Section&#8220; module_id=&#8220;about&#8220; _builder_version=&#8220;4.16&#8243; background_color=&#8220;#ffffff&#8220; custom_padding=&#8220;0px||0px|&#8220; global_colors_info=&#8220;{}&#8220;][et_pb_row padding_mobile=&#8220;off&#8220; column_padding_mobile=&#8220;on&#8220; admin_label=&#8220;Row&#8220; _builder_version=&#8220;4.16&#8243; background_size=&#8220;initial&#8220; background_position=&#8220;top_left&#8220; background_repeat=&#8220;repeat&#8220; global_colors_info=&#8220;{}&#8220; column_structure=&#8220;1_2,1_2&#8243;][et_pb_column type=&#8220;1_2&#8243; _builder_version=&#8220;4.16&#8243; custom_padding=&#8220;5%|||&#8220; global_colors_info=&#8220;{}&#8220; custom_padding__hover=&#8220;|||&#8220;][et_pb_text admin_label=&#8220;Text Chaufeure&#8220; module_class=&#8220;et_pb_animation_bottom et-animated et-waypoint&#8220; _builder_version=&#8220;4.16&#8243; text_font=&#8220;Montserrat|on||on|&#8220; text_text_color=&#8220;#ffcc51&#8243; text_font_size=&#8220;4em&#8220; text_line_height=&#8220;1em&#8220; background_size=&#8220;initial&#8220; background_position=&#8220;top_left&#8220; background_repeat=&#8220;repeat&#8220; text_orientation=&#8220;right&#8220; custom_padding=&#8220;2%|||&#8220; text_font_size_tablet=&#8220;3em&#8220; text_font_size_phone=&#8220;2em&#8220; text_font_size_last_edited=&#8220;on|phone&#8220; global_colors_info=&#8220;{}&#8220;]<\/p>\n<p style=\"text-align: center;\"><span style=\"color: #000000;\"><span style=\"color: #ffd500;\">CHAUFFEURE<\/span><br \/>SEIT<br \/>KAISERS<br \/><\/span><span style=\"color: #000000;\">ZEITEN<\/span><\/p>\n<p>[\/et_pb_text][et_pb_text admin_label=&#8220;Text BZ-Artikel 12.07.2012&#8243; module_class=&#8220;et_pb_animation_bottom et-animated et-waypoint&#8220; _builder_version=&#8220;4.16&#8243; text_font=&#8220;Raleway||||&#8220; text_text_color=&#8220;#000000&#8243; background_color=&#8220;#ffffff&#8220; background_size=&#8220;initial&#8220; background_position=&#8220;top_left&#8220; background_repeat=&#8220;repeat&#8220; custom_margin=&#8220;|-20%||&#8220; custom_padding=&#8220;4%||4%|0px&#8220; global_colors_info=&#8220;{}&#8220;]<\/p>\n<p><strong>Das Taxiunternehmen Dresmann wird 100 Jahre alt \/ Autofreie Haushalte und das Altern der Bev\u00f6lkerung verhei\u00dfen gute Gesch\u00e4fte.<\/strong><\/p>\n<p>Erst zwei Weltkriege und die Weltwirtschaftskrise, dann der Benzinschock: Wer ins Geschichtsbuch blickt, ahnt schnell, dass sich das Freiburger Taxiunternehmen Dresmann w\u00e4hrend seines 100-j\u00e4hrigen Bestehens h\u00e4ufig durchbei\u00dfen musste. Dieses Jahr feiert Gesch\u00e4ftsf\u00fchrer Martin Wohlleber mit seinen Angestellten das runde Jubil\u00e4um \u2013 und glaubt, dass sich so viel eigentlich gar nicht ver\u00e4ndert hat.<\/p>\n<p>[\/et_pb_text][\/et_pb_column][et_pb_column type=&#8220;1_2&#8243; _builder_version=&#8220;4.16&#8243; custom_padding=&#8220;|||&#8220; global_colors_info=&#8220;{}&#8220; custom_padding__hover=&#8220;|||&#8220;][et_pb_image src=&#8220;https:\/\/www.taxi-garage.de\/cms\/wp-content\/uploads\/2017\/09\/dresmann-heinrich-portrait.jpg&#8220; show_in_lightbox=&#8220;on&#8220; use_overlay=&#8220;on&#8220; overlay_icon_color=&#8220;rgba(0,0,0,0.54)&#8220; hover_overlay_color=&#8220;rgba(255,213,0,0.6)&#8220; hover_icon=&#8220;&#xe054;||divi||400&#8243; align=&#8220;right&#8220; align_tablet=&#8220;center&#8220; align_last_edited=&#8220;on|desktop&#8220; admin_label=&#8220;Image Heinrich Dresmann&#8220; module_class=&#8220;et_pb_animation_right et-animated et-waypoint&#8220; _builder_version=&#8220;4.16&#8243; max_width=&#8220;380px&#8220; module_alignment=&#8220;center&#8220; border_style=&#8220;solid&#8220; animation=&#8220;off&#8220; sticky=&#8220;off&#8220; global_colors_info=&#8220;{}&#8220; align_phone=&#8220;center&#8220;][\/et_pb_image][et_pb_text admin_label=&#8220;Text BZ-Artikel 12.07.2012&#8243; module_class=&#8220;et_pb_animation_bottom et-animated et-waypoint&#8220; _builder_version=&#8220;4.16&#8243; text_font=&#8220;Raleway||||&#8220; text_text_color=&#8220;#000000&#8243; background_color=&#8220;#ffffff&#8220; background_size=&#8220;initial&#8220; background_position=&#8220;top_left&#8220; background_repeat=&#8220;repeat&#8220; custom_margin=&#8220;|-20%||&#8220; custom_padding=&#8220;4%|6%|4%|6%&#8220; global_colors_info=&#8220;{}&#8220;]<\/p>\n<p style=\"text-align: center;\"><em>Der Firmengr\u00fcnder Heinrich Dresmann<br \/><\/em><\/p>\n<p>[\/et_pb_text][\/et_pb_column][\/et_pb_row][\/et_pb_section][et_pb_section fb_built=&#8220;1&#8243; _builder_version=&#8220;4.16&#8243; custom_padding=&#8220;0px||0px|&#8220; global_colors_info=&#8220;{}&#8220;][et_pb_row _builder_version=&#8220;4.16&#8243; background_size=&#8220;initial&#8220; background_position=&#8220;top_left&#8220; background_repeat=&#8220;repeat&#8220; global_colors_info=&#8220;{}&#8220;][et_pb_column type=&#8220;4_4&#8243; _builder_version=&#8220;4.16&#8243; custom_padding=&#8220;|||&#8220; global_colors_info=&#8220;{}&#8220; custom_padding__hover=&#8220;|||&#8220;][et_pb_text admin_label=&#8220;Text BZ-Artikel 12.07.2012&#8243; _builder_version=&#8220;4.16&#8243; text_font_size=&#8220;16&#8243; header_font=&#8220;Montserrat|on||on|&#8220; header_font_size=&#8220;1.5em&#8220; custom_padding=&#8220;||0px|&#8220; border_style=&#8220;solid&#8220; global_colors_info=&#8220;{}&#8220;]<\/p>\n<p>Als Heinrich Dresmann zum ersten Mal in sein Taxi stieg, herrschte in Deutschland noch der Kaiser. Damals, im Jahre 1912, posierte der findige Kleinunternehmer mit Autofahrerhandschuhen, Sakko und akkurat gescheitelten Haaren f\u00fcr den Fotografen. &#8222;F\u00fcr uns mag diese Zeit sehr weit weg erscheinen&#8220;, sagt der heutige Gesch\u00e4ftsf\u00fchrer Martin Wohlleber, &#8222;aber im Grunde hat sich seit damals f\u00fcr unsere Branche nicht viel ver\u00e4ndert.&#8220; Nat\u00fcrlich seien die Fahrzeuge sicherer und komfortabler geworden. Autofahrerhandschuhe braucht nach der Erfindung der Servolenkung niemand mehr zu tragen. &#8222;Aber das Prinzip&#8220;, sagt Wohlleber, &#8222;ist nach wie vor das gleiche: Wir bef\u00f6rdern Personen per Benzinantrieb.&#8220;<\/p>\n<p>Zum 100. Firmengeburtstag hat Wohlleber in den Akten der Firma gest\u00f6bert. Aus Fotos, Briefen und Zeitungsausschnitten hat er einen Kalender zusammengestellt, der die Geschichte von &#8222;Taxi Dresmann&#8220; nachzeichnet: studentische Fahrer, die vor ihren geputzten Mercedeslimousinen posieren, gro\u00dfb\u00fcrgerliche Familien beim Sonntagsausflug, Tipps gegen \u00dcberf\u00e4lle. Die Kollektion gibt Einblicke in die Themen, die das Taxigewerbe in den letzten hundert Jahren bestimmten.<\/p>\n<p>\u00a0<\/p>\n<p>[\/et_pb_text][\/et_pb_column][\/et_pb_row][et_pb_row _builder_version=&#8220;4.16&#8243; background_size=&#8220;initial&#8220; background_position=&#8220;top_left&#8220; background_repeat=&#8220;repeat&#8220; global_colors_info=&#8220;{}&#8220; column_structure=&#8220;1_2,1_2&#8243;][et_pb_column type=&#8220;1_2&#8243; _builder_version=&#8220;4.16&#8243; custom_padding=&#8220;|||&#8220; global_colors_info=&#8220;{}&#8220; custom_padding__hover=&#8220;|||&#8220;][et_pb_image src=&#8220;https:\/\/www.taxi-garage.de\/cms\/wp-content\/uploads\/2017\/09\/dresmann-taxi-1912.jpg&#8220; show_in_lightbox=&#8220;on&#8220; use_overlay=&#8220;on&#8220; overlay_icon_color=&#8220;#000000&#8243; hover_overlay_color=&#8220;rgba(255,213,0,0.6)&#8220; hover_icon=&#8220;&#xe054;||divi||400&#8243; align_tablet=&#8220;center&#8220; align_last_edited=&#8220;on|desktop&#8220; admin_label=&#8220;Bild OLdtimer&#8220; _builder_version=&#8220;4.16&#8243; animation_style=&#8220;slide&#8220; animation_direction=&#8220;left&#8220; animation_duration=&#8220;500ms&#8220; animation_intensity_slide=&#8220;10%&#8220; border_radii=&#8220;|7px|7px|7px|7px&#8220; border_width_all=&#8220;4&#8243; border_color_all=&#8220;#000000&#8243; use_border_color=&#8220;on&#8220; global_colors_info=&#8220;{}&#8220; align_phone=&#8220;center&#8220;][\/et_pb_image][et_pb_text admin_label=&#8220;Text BZ-Artikel 12.07.2012&#8243; _builder_version=&#8220;4.16&#8243; text_font_size=&#8220;12&#8243; header_font=&#8220;Montserrat|on||on|&#8220; header_font_size=&#8220;1.5em&#8220; custom_padding=&#8220;||0px|&#8220; border_style=&#8220;solid&#8220; global_colors_info=&#8220;{}&#8220;]<\/p>\n<p><em>Ein Dresmann-Taxi aus dem Jahr 1912 &#8211; nat\u00fcrlich ein Cabrio (Foto: Privat)<\/em><\/p>\n<p>[\/et_pb_text][\/et_pb_column][et_pb_column type=&#8220;1_2&#8243; _builder_version=&#8220;4.16&#8243; custom_padding=&#8220;|||&#8220; global_colors_info=&#8220;{}&#8220; custom_padding__hover=&#8220;|||&#8220;][et_pb_text admin_label=&#8220;Text BZ-Artikel 12.07.2012&#8243; _builder_version=&#8220;4.16&#8243; text_font_size=&#8220;16&#8243; header_font=&#8220;Montserrat|on||on|&#8220; header_font_size=&#8220;1.5em&#8220; custom_padding=&#8220;||0px|&#8220; border_style=&#8220;solid&#8220; global_colors_info=&#8220;{}&#8220;]<\/p>\n<p>Im Alter oder mit einem permanenten Handicap wird es nicht einfacher \u2013 im Gegenteil. Und je mehr die eigene Mobilit\u00e4t eingeschr\u00e4nkt ist, desto \u00f6fter ist man auf Mobilit\u00e4tshilfe und Unterst\u00fctzung von au\u00dfen angewiesen. Hier ist TAXI DRESMANN ein zuverl\u00e4ssiger und einf\u00fchlsamer Partner f\u00fcr Senioren und Menschen mit Behinderungen.<\/p>\n<p>Denn bei TAXI DRESMANN h\u00f6rt der Service nicht mit der reinen Bef\u00f6rderung bis zur Gehwegkante auf. Vielmehr sind wir auf Ihre Anforderungen und Beschwerden eingerichtet: Ge\u00fcbtes und sensibles Personal k\u00fcmmert sich darum, Fahrten mit Betreuung zu planen und durchzuf\u00fchren. Und die Begleitung bis zur sicheren Wohnungst\u00fcr ist dabei nat\u00fcrlich selbstverst\u00e4ndlich. Inklusive Gep\u00e4ckservice zu fairen Konditionen.<\/p>\n<p>[\/et_pb_text][\/et_pb_column][\/et_pb_row][et_pb_row _builder_version=&#8220;4.16&#8243; background_size=&#8220;initial&#8220; background_position=&#8220;top_left&#8220; background_repeat=&#8220;repeat&#8220; global_colors_info=&#8220;{}&#8220;][et_pb_column type=&#8220;4_4&#8243; _builder_version=&#8220;4.16&#8243; custom_padding=&#8220;|||&#8220; global_colors_info=&#8220;{}&#8220; custom_padding__hover=&#8220;|||&#8220;][et_pb_text admin_label=&#8220;Text BZ-Artikel 12.07.2012&#8243; _builder_version=&#8220;4.16&#8243; text_font_size=&#8220;16&#8243; header_font=&#8220;Montserrat|on||on|&#8220; header_font_size=&#8220;1.5em&#8220; custom_padding=&#8220;||0px|&#8220; border_style=&#8220;solid&#8220; global_colors_info=&#8220;{}&#8220;]<\/p>\n<p>So schick Firmengr\u00fcnder Dresmann auf den vergilbten Fotos aussieht, so wenig spektakul\u00e4r war die Geburtsstunde seines Unternehmens. Dresmann hatte als Gutsverwalter beim Grafen von Kageneck gearbeitet. Nach dessen Tod musste er sich einen neuen Job suchen, konnte aber auf ein Startkapital zur\u00fcckgreifen, das ihm die wohlhabende Familie als Abfindung \u00fcberlassen hatte. &#8222;Er hatte einen guten Riecher&#8220;, sagt Martin Wohlleber. &#8222;Als die meisten Leute noch mit Pferdekutschen unterwegs waren, setzte Dresmann aufs Auto.&#8220; Einen weiteren Trend, der bis heute anh\u00e4lt, erkannte der Taxipionier ebenfalls: &#8222;Er hat schnell gemerkt, dass man nicht nur Gesunde bef\u00f6rdern kann&#8220;, sagt Wohlleber. Heute machten Krankentransporte rund ein Viertel aller Fahrten aus. Doch es gab auch turbulente Zeiten: Im Zweiten Weltkrieg zog die Wehrmacht alle Fahrzeuge ein \u2013 der Neustart gelang nur, indem die Taxifahrer aus Ersatzteilen ein neues Auto zusammensetzten. Familienstreitigkeiten l\u00e4hmten den Betrieb und f\u00fchrten zu einer Aufspaltung in ein Taxi- und ein Reisebusunternehmen.<\/p>\n<p>[\/et_pb_text][\/et_pb_column][\/et_pb_row][\/et_pb_section][et_pb_section fb_built=&#8220;1&#8243; _builder_version=&#8220;4.16&#8243; custom_padding=&#8220;0px|||&#8220; global_colors_info=&#8220;{}&#8220;][et_pb_row _builder_version=&#8220;4.16&#8243; background_size=&#8220;initial&#8220; background_position=&#8220;top_left&#8220; background_repeat=&#8220;repeat&#8220; global_colors_info=&#8220;{}&#8220;][et_pb_column type=&#8220;4_4&#8243; _builder_version=&#8220;4.16&#8243; custom_padding=&#8220;|||&#8220; global_colors_info=&#8220;{}&#8220; custom_padding__hover=&#8220;|||&#8220;][et_pb_text admin_label=&#8220;Text BZ 12.07.2012&#8243; _builder_version=&#8220;4.16&#8243; header_font=&#8220;Montserrat|on||on|&#8220; header_font_size=&#8220;1.5em&#8220; custom_padding=&#8220;||0px|&#8220; global_colors_info=&#8220;{}&#8220;]<\/p>\n<h1>URENKEL DES GR\u00dcNDERS KOMMT BEI TAXIFAHRT UMS LEBEN<\/h1>\n<p>\u00a0<\/p>\n<p>Dennoch wuchs die Zahl der Fahrzeuge. In den 80er Jahren umfasste die Flotte sieben 123er-Mercedes-Limousinen. Als Wohlleber die Firma 1995 \u00fcbernahm, waren acht Taxen im Bestand. &#8222;Die Umst\u00e4nde waren damals aber recht traurig&#8220;, erinnert sich Wohlleber. &#8222;Horst Thomas Dresmann junior, der Urenkel des Gr\u00fcnders, war bei einer Taxifahrt ums Leben gekommen. So brach f\u00fcr die Familie auch ihr Nachfolgekonzept zusammen.&#8220;<\/p>\n<p>Der Tradition wegen entschied sich Wohlleber, den Firmennamen beizubehalten. Heute sind 50 Mitarbeiter bei Taxi Dresmann besch\u00e4ftigt, die Taxen fahren rund um die Uhr. Steigende Benzinpreise treffen die Branche dabei weniger stark, als viele denken. &#8222;Nur acht Prozent unserer Ausgaben sind Spritkosten&#8220;, sagt Wohlleber, der nach eigenen Angaben rund 1,6 Millionen Euro Umsatz im Jahr macht. Durch sparsamere Antriebe k\u00f6nne man teures Benzin gut auffangen.<\/p>\n<p>Und wie l\u00e4uft das Gesch\u00e4ft in der \u00d6kometropole Freiburg? Das gut ausgebaute Tram- und Busnetz sieht Wohlleber jedenfalls nicht unbedingt negativ: &#8222;Nat\u00fcrlich tritt der \u00f6ffentliche Nahverkehr auf einigen Strecken in Konkurrenz zu uns. Aber wenn weniger Freiburger ein Auto besitzen, fahren sie im Regen daf\u00fcr auch mehr Taxi.&#8220; Besonders stark sei dieser Effekt im Vaubanviertel und in der Wiehre zu beobachten. Eine weitere Chance sieht Wohlleber im demografischen Wandel: Weil die Bev\u00f6lkerung altert, werde es noch mehr Krankentransporte geben.<\/p>\n<p>Auf lange Sicht sollen die 20 Taxen durch Hybridfahrzeuge ersetzt werden. &#8222;Aber auch die&#8220;, sagt Wohlleber, &#8222;bef\u00f6rdern schlicht Menschen von A nach B.&#8220; Ganz so, wie sich das Heinrich Dresmann vor hundert Jahren gedacht hatte.<\/p>\n<hr \/>\n<p><em>Quelle, Autor: Badische Zeitung vom 12.07.2012, Steve Przybilla<\/em><br \/>Link: www.badische-zeitung.de\/freiburg\/chauffeure-seit-kaisers-zeiten<\/p>\n<p>[\/et_pb_text][\/et_pb_column][\/et_pb_row][\/et_pb_section]<\/p>\n","protected":false},"excerpt":{"rendered":"<p>BADISCHE ZEITUNG VOM 12.07.2012\u00a0 \/\u00a0 STEVE PRZYBILLA\u00a0 CHAUFFEURESEITKAISERSZEITEN Das Taxiunternehmen Dresmann wird 100 Jahre alt \/ Autofreie Haushalte und das Altern der Bev\u00f6lkerung verhei\u00dfen gute Gesch\u00e4fte.Erst zwei Weltkriege und die Weltwirtschaftskrise, dann der Benzinschock: Wer ins Geschichtsbuch blickt, ahnt schnell, dass sich das Freiburger Taxiunternehmen Dresmann w\u00e4hrend seines 100-j\u00e4hrigen Bestehens h\u00e4ufig durchbei\u00dfen musste. Dieses Jahr [&hellip;]<\/p>\n","protected":false},"author":2,"featured_media":0,"parent":501,"menu_order":4,"comment_status":"closed","ping_status":"closed","template":"","meta":{"_et_pb_use_builder":"on","_et_pb_old_content":"","_et_gb_content_width":"","footnotes":""},"class_list":["post-554","page","type-page","status-publish","hentry"],"_links":{"self":[{"href":"https:\/\/www.taxi-garage.de\/cms\/wp-json\/wp\/v2\/pages\/554","targetHints":{"allow":["GET"]}}],"collection":[{"href":"https:\/\/www.taxi-garage.de\/cms\/wp-json\/wp\/v2\/pages"}],"about":[{"href":"https:\/\/www.taxi-garage.de\/cms\/wp-json\/wp\/v2\/types\/page"}],"author":[{"embeddable":true,"href":"https:\/\/www.taxi-garage.de\/cms\/wp-json\/wp\/v2\/users\/2"}],"replies":[{"embeddable":true,"href":"https:\/\/www.taxi-garage.de\/cms\/wp-json\/wp\/v2\/comments?post=554"}],"version-history":[{"count":1,"href":"https:\/\/www.taxi-garage.de\/cms\/wp-json\/wp\/v2\/pages\/554\/revisions"}],"predecessor-version":[{"id":27390,"href":"https:\/\/www.taxi-garage.de\/cms\/wp-json\/wp\/v2\/pages\/554\/revisions\/27390"}],"up":[{"embeddable":true,"href":"https:\/\/www.taxi-garage.de\/cms\/wp-json\/wp\/v2\/pages\/501"}],"wp:attachment":[{"href":"https:\/\/www.taxi-garage.de\/cms\/wp-json\/wp\/v2\/media?parent=554"}],"curies":[{"name":"wp","href":"https:\/\/api.w.org\/{rel}","templated":true}]}}